



{"id":5141,"date":"2019-09-15T23:43:15","date_gmt":"2019-09-15T21:43:15","guid":{"rendered":"http:\/\/coneb.africa\/web\/?page_id=5141"},"modified":"2019-09-16T01:06:25","modified_gmt":"2019-09-15T23:06:25","slug":"blog","status":"publish","type":"page","link":"https:\/\/coneb.africa\/web\/blog\/","title":{"rendered":"BLOG"},"content":{"rendered":"<p>[vc_row rt_row_background_width=\u00a0\u00bbfullwidth\u00a0\u00bb rt_row_content_width=\u00a0\u00bbdefault\u00a0\u00bb rt_row_style=\u00a0\u00bbdefault-style\u00a0\u00bb rt_row_height=\u00a0\u00bb\u00a0\u00bb rt_column_gaps=\u00a0\u00bb\u00a0\u00bb rt_row_shadows=\u00a0\u00bb\u00a0\u00bb rt_row_borders=\u00a0\u00bb\u00a0\u00bb rt_bg_effect=\u00a0\u00bbclassic\u00a0\u00bb rt_bg_image_repeat=\u00a0\u00bbrepeat\u00a0\u00bb rt_bg_size=\u00a0\u00bbcover\u00a0\u00bb rt_bg_position=\u00a0\u00bbright top\u00a0\u00bb rt_bg_attachment=\u00a0\u00bbscroll\u00a0\u00bb rt_bg_layer=\u00a0\u00bb\u00a0\u00bb rt_bg_video_format=\u00a0\u00bbself-hosted\u00a0\u00bb rt_row_paddings=\u00a0\u00bbfalse\u00a0\u00bb rt_class=\u00a0\u00bbrt-1326879&Prime; rt_paddings=\u00a0\u00bb100,100,,\u00a0\u00bb rt_margins=\u00a0\u00bb,,,\u00a0\u00bb rt_content_margins=\u00a0\u00bb,,,\u00a0\u00bb rt_tablet_paddings=\u00a0\u00bb,,,\u00a0\u00bb rt_tablet_margins=\u00a0\u00bb,,,\u00a0\u00bb rt_tablet_content_margins=\u00a0\u00bb,,,\u00a0\u00bb rt_sp_paddings=\u00a0\u00bb,,,\u00a0\u00bb rt_sp_margins=\u00a0\u00bb,,,\u00a0\u00bb rt_sp_content_margins=\u00a0\u00bb,,,\u00a0\u00bb][vc_column rt_bg_effect=\u00a0\u00bbclassic\u00a0\u00bb rt_bg_image_repeat=\u00a0\u00bbrepeat\u00a0\u00bb rt_bg_size=\u00a0\u00bbauto auto\u00a0\u00bb rt_bg_position=\u00a0\u00bbright top\u00a0\u00bb rt_bg_attachment=\u00a0\u00bbscroll\u00a0\u00bb rt_col_paddings=\u00a0\u00bbfalse\u00a0\u00bb rt_wrp_col_paddings=\u00a0\u00bbfalse\u00a0\u00bb rt_bg_color=\u00a0\u00bb\u00a0\u00bb rt_bg_overlay_color=\u00a0\u00bb\u00a0\u00bb rt_class=\u00a0\u00bbrt-2581265&Prime; rt_margins=\u00a0\u00bb,\u00a0\u00bb rt_paddings=\u00a0\u00bb,,0,0&Prime; rt_wrapper_paddings=\u00a0\u00bb,,,\u00a0\u00bb rt_tablet_margins=\u00a0\u00bb,\u00a0\u00bb rt_tablet_paddings=\u00a0\u00bb,,,\u00a0\u00bb rt_tablet_wrapper_paddings=\u00a0\u00bb,,,\u00a0\u00bb rt_sp_margins=\u00a0\u00bb,\u00a0\u00bb rt_sp_paddings=\u00a0\u00bb,,,\u00a0\u00bb rt_sp_wrapper_paddings=\u00a0\u00bb,,,\u00a0\u00bb]\n<div id=\"blog-dynamicID-412796\" class=\"blog_list clearfix fixed_heights\" data-column-width=\"3\">\n<div class=\"row clearfix\">\n<article id=\"5770\" class=\"col col-sm-4 post-5770 post type-post status-publish format-standard has-post-thumbnail hentry category-non-classe category-nouvelle\"><div class=\"post-content-wrapper\">\n \n\n<!-- blog box-->\n\t\t\t\t<figure class=\"featured_image featured_media\">\n\t\t\t<a href=\"https:\/\/coneb.africa\/web\/2026\/02\/12\/rentree-economique-2026-le-secteur-prive-beninois-franchit-le-cap-de-laction-collective\/\" title=\"Rentr\u00e9e \u00c9conomique 2026 : le secteur priv\u00e9 b\u00e9ninois franchit le cap de l\u2019action collective\" class=\"imgeffect link featured_image\"><img loading=\"lazy\" decoding=\"async\" src=\"https:\/\/coneb.africa\/web\/wp-content\/uploads\/2026\/02\/628522824_1333963815421681_8519475705671563014_n-500x500.jpg\" alt=\"\" class=\"\" width=\"500\" height=\"500\" \/><\/a>\t\t\n\t\t<\/figure> \n\t\t\n\t\t\t\t\t\n\n\t<div class=\"entry-content text\">\n\n\t\t<!-- blog headline-->\n\t\t<h1 class=\"entry-title\"><a href=\"https:\/\/coneb.africa\/web\/2026\/02\/12\/rentree-economique-2026-le-secteur-prive-beninois-franchit-le-cap-de-laction-collective\/\" rel=\"bookmark\">Rentr\u00e9e \u00c9conomique 2026 : le secteur priv\u00e9 b\u00e9ninois franchit le cap de l\u2019action collective<\/a><\/h1> \n\n\t\t\r\n\t\t<!-- meta data -->\r\n\t\t<div class=\"post_data\">\r\n\r\n\t\t\t\r\n\t\t\t\t\t\t\t\r\n\t\t\t\t\t\t<!-- categories -->\r\n\t\t\t<span class=\"categories\">\r\n\t\t\tin <a href=\"https:\/\/coneb.africa\/web\/category\/non-classe\/\" rel=\"category tag\">Non class\u00e9<\/a>, <a href=\"https:\/\/coneb.africa\/web\/category\/nouvelle\/\" rel=\"category tag\">Nouvelle<\/a>\t\t\t\t\r\n\t\t\t<\/span>\r\n\t\t\t\r\n\t\t\t\r\n\t\t\t\t\t\t<!-- comments --> \r\n\t\t\t<span class=\"comment_link\"><a href=\"https:\/\/coneb.africa\/web\/2026\/02\/12\/rentree-economique-2026-le-secteur-prive-beninois-franchit-le-cap-de-laction-collective\/#respond\" title=\"0 Comment\" class=\"comment_link\">0 Comment<\/a><\/span>\r\n\t\t\t\t\t\t\r\n\t\t<\/div><!-- \/ end div  .post_data -->\r\n\t\n\t\t<p>Cotonou, 06 f\u00e9vrier 2026.Le secteur priv\u00e9 b\u00e9ninois a officiellement donn\u00e9 le ton de l\u2019ann\u00e9e \u00e9conomique en pla\u00e7ant l\u2019action au c\u0153ur de ses priorit\u00e9s strat\u00e9giques. Organis\u00e9e conjointement par la Chambre de Commerce et d\u2019Industrie du B\u00e9nin (CCI B\u00c9NIN), la Chambre des M\u00e9tiers de l\u2019Artisanat du B\u00e9nin (CMA B\u00e9nin), la Chambre Nationale d\u2019Agriculture du B\u00e9nin(CNA B\u00e9nin), en [&hellip;]<\/p>\n\t<\/div> \n\n\t<div class=\"entry-footer\">\n\n\t\t<a href=\"https:\/\/coneb.africa\/web\/2026\/02\/12\/rentree-economique-2026-le-secteur-prive-beninois-franchit-le-cap-de-laction-collective\/\" class=\"read_more\">Continue reading<\/a><div class=\"social_share\"><span class=\"ui-icon-line-share\"><span>SHARE<\/span><\/span><ul><li class=\"mail\"><a class=\"ui-icon-mail \" href=\"mailto:?body=https%3A%2F%2Fconeb.africa%2Fweb%2F2026%2F02%2F12%2Frentree-economique-2026-le-secteur-prive-beninois-franchit-le-cap-de-laction-collective%2F\" title=\"Email\"><span>Email<\/span><\/a><\/li><li class=\"twitter\"><a class=\"ui-icon-twitter \" href=\"#\" data-url=\"http:\/\/twitter.com\/intent\/tweet?text=Rentr%C3%A9e+%C3%89conomique+2026+%3A+le+secteur+priv%C3%A9+b%C3%A9ninois+franchit+le+cap+de+l%E2%80%99action+collective+https%3A%2F%2Fconeb.africa%2Fweb%2F2026%2F02%2F12%2Frentree-economique-2026-le-secteur-prive-beninois-franchit-le-cap-de-laction-collective%2F\" title=\"Twitter\"><span>Twitter<\/span><\/a><\/li><li class=\"facebook\"><a class=\"ui-icon-facebook \" href=\"#\" data-url=\"http:\/\/www.facebook.com\/sharer\/sharer.php?u=https%3A%2F%2Fconeb.africa%2Fweb%2F2026%2F02%2F12%2Frentree-economique-2026-le-secteur-prive-beninois-franchit-le-cap-de-laction-collective%2F&amp;title=Rentr%C3%A9e+%C3%89conomique+2026+%3A+le+secteur+priv%C3%A9+b%C3%A9ninois+franchit+le+cap+de+l%E2%80%99action+collective\" title=\"Facebook\"><span>Facebook<\/span><\/a><\/li><li class=\"gplus\"><a class=\"ui-icon-gplus \" href=\"#\" data-url=\"https:\/\/plus.google.com\/share?url=https%3A%2F%2Fconeb.africa%2Fweb%2F2026%2F02%2F12%2Frentree-economique-2026-le-secteur-prive-beninois-franchit-le-cap-de-laction-collective%2F\" title=\"Google +\"><span>Google +<\/span><\/a><\/li><li class=\"pinterest\"><a class=\"ui-icon-pinterest \" href=\"#\" data-url=\"http:\/\/pinterest.com\/pin\/create\/bookmarklet\/?media=https%3A%2F%2Fconeb.africa%2Fweb%2Fwp-content%2Fuploads%2F2026%2F02%2F628522824_1333963815421681_8519475705671563014_n.jpg&amp;url=https%3A%2F%2Fconeb.africa%2Fweb%2F2026%2F02%2F12%2Frentree-economique-2026-le-secteur-prive-beninois-franchit-le-cap-de-laction-collective%2F&amp;is_video=false&amp;description=Rentr%C3%A9e+%C3%89conomique+2026+%3A+le+secteur+priv%C3%A9+b%C3%A9ninois+franchit+le+cap+de+l%E2%80%99action+collective\" title=\"Pinterest\"><span>Pinterest<\/span><\/a><\/li><li class=\"tumblr\"><a class=\"ui-icon-tumblr \" href=\"#\" data-url=\"http:\/\/tumblr.com\/share?url=https%3A%2F%2Fconeb.africa%2Fweb%2F2026%2F02%2F12%2Frentree-economique-2026-le-secteur-prive-beninois-franchit-le-cap-de-laction-collective%2F&amp;title=Rentr%C3%A9e+%C3%89conomique+2026+%3A+le+secteur+priv%C3%A9+b%C3%A9ninois+franchit+le+cap+de+l%E2%80%99action+collective\" title=\"Tumblr\"><span>Tumblr<\/span><\/a><\/li><li class=\"linkedin\"><a class=\"ui-icon-linkedin \" href=\"#\" data-url=\"http:\/\/www.linkedin.com\/shareArticle?mini=true&amp;url=https%3A%2F%2Fconeb.africa%2Fweb%2F2026%2F02%2F12%2Frentree-economique-2026-le-secteur-prive-beninois-franchit-le-cap-de-laction-collective%2F&amp;title=Rentr%C3%A9e+%C3%89conomique+2026+%3A+le+secteur+priv%C3%A9+b%C3%A9ninois+franchit+le+cap+de+l%E2%80%99action+collective&amp;source=\" title=\"Linkedin\"><span>Linkedin<\/span><\/a><\/li><li class=\"vkontakte\"><a class=\"ui-icon-vkontakte \" href=\"#\" data-url=\"http:\/\/vkontakte.ru\/share.php?url=https%3A%2F%2Fconeb.africa%2Fweb%2F2026%2F02%2F12%2Frentree-economique-2026-le-secteur-prive-beninois-franchit-le-cap-de-laction-collective%2F\" title=\"Vkontakte\"><span>Vkontakte<\/span><\/a><\/li><li class=\"whatsapp\"><a class=\"ui-icon-whatsapp \" href=\"#\" data-url=\"whatsapp:\/\/send?text=https%3A%2F%2Fconeb.africa%2Fweb%2F2026%2F02%2F12%2Frentree-economique-2026-le-secteur-prive-beninois-franchit-le-cap-de-laction-collective%2F\" title=\"WhatsApp\"><span>WhatsApp<\/span><\/a><\/li><\/ul><\/div>\n\t<\/div>\n\n<!-- \/ blog box-->\n<\/div><\/article>\n<article id=\"5766\" class=\"col col-sm-4 post-5766 post type-post status-publish format-standard has-post-thumbnail hentry category-non-classe\"><div class=\"post-content-wrapper\">\n \n\n<!-- blog box-->\n\t\t\t\t<figure class=\"featured_image featured_media\">\n\t\t\t<a href=\"https:\/\/coneb.africa\/web\/2026\/01\/02\/quand-la-reforme-devient-performance-le-benin-prend-la-tete\/\" title=\"Quand la r\u00e9forme devient performance, le B\u00e9nin prend la t\u00eate.\" class=\"imgeffect link featured_image\"><img loading=\"lazy\" decoding=\"async\" src=\"https:\/\/coneb.africa\/web\/wp-content\/uploads\/2026\/01\/WhatsApp-Image-2025-12-31-at-22.37.32-500x500.jpeg\" alt=\"\" class=\"\" width=\"500\" height=\"500\" \/><\/a>\t\t\n\t\t<\/figure> \n\t\t\n\t\t\t\t\t\n\n\t<div class=\"entry-content text\">\n\n\t\t<!-- blog headline-->\n\t\t<h1 class=\"entry-title\"><a href=\"https:\/\/coneb.africa\/web\/2026\/01\/02\/quand-la-reforme-devient-performance-le-benin-prend-la-tete\/\" rel=\"bookmark\">Quand la r\u00e9forme devient performance, le B\u00e9nin prend la t\u00eate.<\/a><\/h1> \n\n\t\t\r\n\t\t<!-- meta data -->\r\n\t\t<div class=\"post_data\">\r\n\r\n\t\t\t\r\n\t\t\t\t\t\t\t\r\n\t\t\t\t\t\t<!-- categories -->\r\n\t\t\t<span class=\"categories\">\r\n\t\t\tin <a href=\"https:\/\/coneb.africa\/web\/category\/non-classe\/\" rel=\"category tag\">Non class\u00e9<\/a>\t\t\t\t\r\n\t\t\t<\/span>\r\n\t\t\t\r\n\t\t\t\r\n\t\t\t\t\t\t<!-- comments --> \r\n\t\t\t<span class=\"comment_link\"><a href=\"https:\/\/coneb.africa\/web\/2026\/01\/02\/quand-la-reforme-devient-performance-le-benin-prend-la-tete\/#respond\" title=\"0 Comment\" class=\"comment_link\">0 Comment<\/a><\/span>\r\n\t\t\t\t\t\t\r\n\t\t<\/div><!-- \/ end div  .post_data -->\r\n\t\n\t\t<p>Il y a des classements qui passent. Et puis il y a ceux qui marquent un tournant. Le Rapport Business Ready 2025 appartient r\u00e9solument \u00e0 cette seconde cat\u00e9gorie. En se hissant au premier rang de l\u2019UEMOA et de la CEDEAO sur plusieurs indicateurs cl\u00e9s, le B\u00e9nin confirme ce que le terrain \u00e9conomique laissait d\u00e9j\u00e0 entrevoir [&hellip;]<\/p>\n\t<\/div> \n\n\t<div class=\"entry-footer\">\n\n\t\t<a href=\"https:\/\/coneb.africa\/web\/2026\/01\/02\/quand-la-reforme-devient-performance-le-benin-prend-la-tete\/\" class=\"read_more\">Continue reading<\/a><div class=\"social_share\"><span class=\"ui-icon-line-share\"><span>SHARE<\/span><\/span><ul><li class=\"mail\"><a class=\"ui-icon-mail \" href=\"mailto:?body=https%3A%2F%2Fconeb.africa%2Fweb%2F2026%2F01%2F02%2Fquand-la-reforme-devient-performance-le-benin-prend-la-tete%2F\" title=\"Email\"><span>Email<\/span><\/a><\/li><li class=\"twitter\"><a class=\"ui-icon-twitter \" href=\"#\" data-url=\"http:\/\/twitter.com\/intent\/tweet?text=Quand+la+r%C3%A9forme+devient+performance%2C+le+B%C3%A9nin+prend+la+t%C3%AAte.+https%3A%2F%2Fconeb.africa%2Fweb%2F2026%2F01%2F02%2Fquand-la-reforme-devient-performance-le-benin-prend-la-tete%2F\" title=\"Twitter\"><span>Twitter<\/span><\/a><\/li><li class=\"facebook\"><a class=\"ui-icon-facebook \" href=\"#\" data-url=\"http:\/\/www.facebook.com\/sharer\/sharer.php?u=https%3A%2F%2Fconeb.africa%2Fweb%2F2026%2F01%2F02%2Fquand-la-reforme-devient-performance-le-benin-prend-la-tete%2F&amp;title=Quand+la+r%C3%A9forme+devient+performance%2C+le+B%C3%A9nin+prend+la+t%C3%AAte.\" title=\"Facebook\"><span>Facebook<\/span><\/a><\/li><li class=\"gplus\"><a class=\"ui-icon-gplus \" href=\"#\" data-url=\"https:\/\/plus.google.com\/share?url=https%3A%2F%2Fconeb.africa%2Fweb%2F2026%2F01%2F02%2Fquand-la-reforme-devient-performance-le-benin-prend-la-tete%2F\" title=\"Google +\"><span>Google +<\/span><\/a><\/li><li class=\"pinterest\"><a class=\"ui-icon-pinterest \" href=\"#\" data-url=\"http:\/\/pinterest.com\/pin\/create\/bookmarklet\/?media=https%3A%2F%2Fconeb.africa%2Fweb%2Fwp-content%2Fuploads%2F2026%2F01%2FWhatsApp-Image-2025-12-31-at-22.37.32.jpeg&amp;url=https%3A%2F%2Fconeb.africa%2Fweb%2F2026%2F01%2F02%2Fquand-la-reforme-devient-performance-le-benin-prend-la-tete%2F&amp;is_video=false&amp;description=Quand+la+r%C3%A9forme+devient+performance%2C+le+B%C3%A9nin+prend+la+t%C3%AAte.\" title=\"Pinterest\"><span>Pinterest<\/span><\/a><\/li><li class=\"tumblr\"><a class=\"ui-icon-tumblr \" href=\"#\" data-url=\"http:\/\/tumblr.com\/share?url=https%3A%2F%2Fconeb.africa%2Fweb%2F2026%2F01%2F02%2Fquand-la-reforme-devient-performance-le-benin-prend-la-tete%2F&amp;title=Quand+la+r%C3%A9forme+devient+performance%2C+le+B%C3%A9nin+prend+la+t%C3%AAte.\" title=\"Tumblr\"><span>Tumblr<\/span><\/a><\/li><li class=\"linkedin\"><a class=\"ui-icon-linkedin \" href=\"#\" data-url=\"http:\/\/www.linkedin.com\/shareArticle?mini=true&amp;url=https%3A%2F%2Fconeb.africa%2Fweb%2F2026%2F01%2F02%2Fquand-la-reforme-devient-performance-le-benin-prend-la-tete%2F&amp;title=Quand+la+r%C3%A9forme+devient+performance%2C+le+B%C3%A9nin+prend+la+t%C3%AAte.&amp;source=\" title=\"Linkedin\"><span>Linkedin<\/span><\/a><\/li><li class=\"vkontakte\"><a class=\"ui-icon-vkontakte \" href=\"#\" data-url=\"http:\/\/vkontakte.ru\/share.php?url=https%3A%2F%2Fconeb.africa%2Fweb%2F2026%2F01%2F02%2Fquand-la-reforme-devient-performance-le-benin-prend-la-tete%2F\" title=\"Vkontakte\"><span>Vkontakte<\/span><\/a><\/li><li class=\"whatsapp\"><a class=\"ui-icon-whatsapp \" href=\"#\" data-url=\"whatsapp:\/\/send?text=https%3A%2F%2Fconeb.africa%2Fweb%2F2026%2F01%2F02%2Fquand-la-reforme-devient-performance-le-benin-prend-la-tete%2F\" title=\"WhatsApp\"><span>WhatsApp<\/span><\/a><\/li><\/ul><\/div>\n\t<\/div>\n\n<!-- \/ blog box-->\n<\/div><\/article>\n<article id=\"5730\" class=\"col col-sm-4 post-5730 post type-post status-publish format-standard has-post-thumbnail hentry category-events\"><div class=\"post-content-wrapper\">\n \n\n<!-- blog box-->\n\t\t\t\t<figure class=\"featured_image featured_media\">\n\t\t\t<a href=\"https:\/\/coneb.africa\/web\/2025\/12\/24\/journee-de-lenfant-beninois-2025-a-come-lengagement-collectif-se-traduit-en-actes-concrets-pour-les-enfants-en-situation-de-vulnerabilite\/\" title=\"Journ\u00e9e de l\u2019Enfant b\u00e9ninois 2025 : \u00c0 Com\u00e8, l\u2019engagement collectif se traduit en actes concrets pour les enfants en situation de vuln\u00e9rabilit\u00e9\" class=\"imgeffect link featured_image\"><img loading=\"lazy\" decoding=\"async\" src=\"https:\/\/coneb.africa\/web\/wp-content\/uploads\/2025\/12\/IMG-20251223-WA0018-500x500.jpg\" alt=\"\" class=\"\" width=\"500\" height=\"500\" \/><\/a>\t\t\n\t\t<\/figure> \n\t\t\n\t\t\t\t\t\n\n\t<div class=\"entry-content text\">\n\n\t\t<!-- blog headline-->\n\t\t<h1 class=\"entry-title\"><a href=\"https:\/\/coneb.africa\/web\/2025\/12\/24\/journee-de-lenfant-beninois-2025-a-come-lengagement-collectif-se-traduit-en-actes-concrets-pour-les-enfants-en-situation-de-vulnerabilite\/\" rel=\"bookmark\">Journ\u00e9e de l\u2019Enfant b\u00e9ninois 2025 : \u00c0 Com\u00e8, l\u2019engagement collectif se traduit en actes concrets pour les enfants en situation de vuln\u00e9rabilit\u00e9<\/a><\/h1> \n\n\t\t\r\n\t\t<!-- meta data -->\r\n\t\t<div class=\"post_data\">\r\n\r\n\t\t\t\r\n\t\t\t\t\t\t\t\r\n\t\t\t\t\t\t<!-- categories -->\r\n\t\t\t<span class=\"categories\">\r\n\t\t\tin <a href=\"https:\/\/coneb.africa\/web\/category\/events\/\" rel=\"category tag\">Events<\/a>\t\t\t\t\r\n\t\t\t<\/span>\r\n\t\t\t\r\n\t\t\t\r\n\t\t\t\t\t\t<!-- comments --> \r\n\t\t\t<span class=\"comment_link\"><a href=\"https:\/\/coneb.africa\/web\/2025\/12\/24\/journee-de-lenfant-beninois-2025-a-come-lengagement-collectif-se-traduit-en-actes-concrets-pour-les-enfants-en-situation-de-vulnerabilite\/#respond\" title=\"0 Comment\" class=\"comment_link\">0 Comment<\/a><\/span>\r\n\t\t\t\t\t\t\r\n\t\t<\/div><!-- \/ end div  .post_data -->\r\n\t\n\t\t<p>Ce mardi 23 d\u00e9cembre 2025 \u00e0 Com\u00e8, la Journ\u00e9e de l\u2019Enfant b\u00e9ninois a une fois de plus trouv\u00e9, cette ann\u00e9e, une r\u00e9sonance particuli\u00e8re, au c\u0153ur de l\u2019Espace Ami des Enfants de l\u2019Organisation Non Gouvernementale \u00c9toiles pour le D\u00e9veloppement Institutionnel (EDI-ONG). Une comm\u00e9moration empreinte d\u2019humanit\u00e9, de responsabilit\u00e9 sociale et de solidarit\u00e9 active, port\u00e9e conjointement par EDI&#8211;ONG [&hellip;]<\/p>\n\t<\/div> \n\n\t<div class=\"entry-footer\">\n\n\t\t<a href=\"https:\/\/coneb.africa\/web\/2025\/12\/24\/journee-de-lenfant-beninois-2025-a-come-lengagement-collectif-se-traduit-en-actes-concrets-pour-les-enfants-en-situation-de-vulnerabilite\/\" class=\"read_more\">Continue reading<\/a><div class=\"social_share\"><span class=\"ui-icon-line-share\"><span>SHARE<\/span><\/span><ul><li class=\"mail\"><a class=\"ui-icon-mail \" href=\"mailto:?body=https%3A%2F%2Fconeb.africa%2Fweb%2F2025%2F12%2F24%2Fjournee-de-lenfant-beninois-2025-a-come-lengagement-collectif-se-traduit-en-actes-concrets-pour-les-enfants-en-situation-de-vulnerabilite%2F\" title=\"Email\"><span>Email<\/span><\/a><\/li><li class=\"twitter\"><a class=\"ui-icon-twitter \" href=\"#\" data-url=\"http:\/\/twitter.com\/intent\/tweet?text=Journ%C3%A9e+de+l%E2%80%99Enfant+b%C3%A9ninois+2025+%3A+%C3%80+Com%C3%A8%2C+l%E2%80%99engagement+collectif+se+traduit+en+actes+concrets+pour+les+enfants+en+situation+de+vuln%C3%A9rabilit%C3%A9+https%3A%2F%2Fconeb.africa%2Fweb%2F2025%2F12%2F24%2Fjournee-de-lenfant-beninois-2025-a-come-lengagement-collectif-se-traduit-en-actes-concrets-pour-les-enfants-en-situation-de-vulnerabilite%2F\" title=\"Twitter\"><span>Twitter<\/span><\/a><\/li><li class=\"facebook\"><a class=\"ui-icon-facebook \" href=\"#\" data-url=\"http:\/\/www.facebook.com\/sharer\/sharer.php?u=https%3A%2F%2Fconeb.africa%2Fweb%2F2025%2F12%2F24%2Fjournee-de-lenfant-beninois-2025-a-come-lengagement-collectif-se-traduit-en-actes-concrets-pour-les-enfants-en-situation-de-vulnerabilite%2F&amp;title=Journ%C3%A9e+de+l%E2%80%99Enfant+b%C3%A9ninois+2025+%3A+%C3%80+Com%C3%A8%2C+l%E2%80%99engagement+collectif+se+traduit+en+actes+concrets+pour+les+enfants+en+situation+de+vuln%C3%A9rabilit%C3%A9\" title=\"Facebook\"><span>Facebook<\/span><\/a><\/li><li class=\"gplus\"><a class=\"ui-icon-gplus \" href=\"#\" data-url=\"https:\/\/plus.google.com\/share?url=https%3A%2F%2Fconeb.africa%2Fweb%2F2025%2F12%2F24%2Fjournee-de-lenfant-beninois-2025-a-come-lengagement-collectif-se-traduit-en-actes-concrets-pour-les-enfants-en-situation-de-vulnerabilite%2F\" title=\"Google +\"><span>Google +<\/span><\/a><\/li><li class=\"pinterest\"><a class=\"ui-icon-pinterest \" href=\"#\" data-url=\"http:\/\/pinterest.com\/pin\/create\/bookmarklet\/?media=https%3A%2F%2Fconeb.africa%2Fweb%2Fwp-content%2Fuploads%2F2025%2F12%2FIMG-20251223-WA0018.jpg&amp;url=https%3A%2F%2Fconeb.africa%2Fweb%2F2025%2F12%2F24%2Fjournee-de-lenfant-beninois-2025-a-come-lengagement-collectif-se-traduit-en-actes-concrets-pour-les-enfants-en-situation-de-vulnerabilite%2F&amp;is_video=false&amp;description=Journ%C3%A9e+de+l%E2%80%99Enfant+b%C3%A9ninois+2025+%3A+%C3%80+Com%C3%A8%2C+l%E2%80%99engagement+collectif+se+traduit+en+actes+concrets+pour+les+enfants+en+situation+de+vuln%C3%A9rabilit%C3%A9\" title=\"Pinterest\"><span>Pinterest<\/span><\/a><\/li><li class=\"tumblr\"><a class=\"ui-icon-tumblr \" href=\"#\" data-url=\"http:\/\/tumblr.com\/share?url=https%3A%2F%2Fconeb.africa%2Fweb%2F2025%2F12%2F24%2Fjournee-de-lenfant-beninois-2025-a-come-lengagement-collectif-se-traduit-en-actes-concrets-pour-les-enfants-en-situation-de-vulnerabilite%2F&amp;title=Journ%C3%A9e+de+l%E2%80%99Enfant+b%C3%A9ninois+2025+%3A+%C3%80+Com%C3%A8%2C+l%E2%80%99engagement+collectif+se+traduit+en+actes+concrets+pour+les+enfants+en+situation+de+vuln%C3%A9rabilit%C3%A9\" title=\"Tumblr\"><span>Tumblr<\/span><\/a><\/li><li class=\"linkedin\"><a class=\"ui-icon-linkedin \" href=\"#\" data-url=\"http:\/\/www.linkedin.com\/shareArticle?mini=true&amp;url=https%3A%2F%2Fconeb.africa%2Fweb%2F2025%2F12%2F24%2Fjournee-de-lenfant-beninois-2025-a-come-lengagement-collectif-se-traduit-en-actes-concrets-pour-les-enfants-en-situation-de-vulnerabilite%2F&amp;title=Journ%C3%A9e+de+l%E2%80%99Enfant+b%C3%A9ninois+2025+%3A+%C3%80+Com%C3%A8%2C+l%E2%80%99engagement+collectif+se+traduit+en+actes+concrets+pour+les+enfants+en+situation+de+vuln%C3%A9rabilit%C3%A9&amp;source=\" title=\"Linkedin\"><span>Linkedin<\/span><\/a><\/li><li class=\"vkontakte\"><a class=\"ui-icon-vkontakte \" href=\"#\" data-url=\"http:\/\/vkontakte.ru\/share.php?url=https%3A%2F%2Fconeb.africa%2Fweb%2F2025%2F12%2F24%2Fjournee-de-lenfant-beninois-2025-a-come-lengagement-collectif-se-traduit-en-actes-concrets-pour-les-enfants-en-situation-de-vulnerabilite%2F\" title=\"Vkontakte\"><span>Vkontakte<\/span><\/a><\/li><li class=\"whatsapp\"><a class=\"ui-icon-whatsapp \" href=\"#\" data-url=\"whatsapp:\/\/send?text=https%3A%2F%2Fconeb.africa%2Fweb%2F2025%2F12%2F24%2Fjournee-de-lenfant-beninois-2025-a-come-lengagement-collectif-se-traduit-en-actes-concrets-pour-les-enfants-en-situation-de-vulnerabilite%2F\" title=\"WhatsApp\"><span>WhatsApp<\/span><\/a><\/li><\/ul><\/div>\n\t<\/div>\n\n<!-- \/ blog box-->\n<\/div><\/article>\n<\/div>\n<div class=\"row clearfix\">\n<article id=\"5720\" class=\"col col-sm-4 post-5720 post type-post status-publish format-standard hentry category-nouvelle\"><div class=\"post-content-wrapper\">\n \n\n<!-- blog box-->\n\t\t\n\t\t\t\t\t\n\n\t<div class=\"entry-content text\">\n\n\t\t<!-- blog headline-->\n\t\t<h1 class=\"entry-title\"><a href=\"https:\/\/coneb.africa\/web\/2025\/12\/11\/5720\/\" rel=\"bookmark\"><\/a><\/h1> \n\n\t\t\r\n\t\t<!-- meta data -->\r\n\t\t<div class=\"post_data\">\r\n\r\n\t\t\t\r\n\t\t\t\t\t\t\t\r\n\t\t\t\t\t\t<!-- categories -->\r\n\t\t\t<span class=\"categories\">\r\n\t\t\tin <a href=\"https:\/\/coneb.africa\/web\/category\/nouvelle\/\" rel=\"category tag\">Nouvelle<\/a>\t\t\t\t\r\n\t\t\t<\/span>\r\n\t\t\t\r\n\t\t\t\r\n\t\t\t\t\t\t<!-- comments --> \r\n\t\t\t<span class=\"comment_link\"><a href=\"https:\/\/coneb.africa\/web\/2025\/12\/11\/5720\/#respond\" title=\"0 Comment\" class=\"comment_link\">0 Comment<\/a><\/span>\r\n\t\t\t\t\t\t\r\n\t\t<\/div><!-- \/ end div  .post_data -->\r\n\t\n\t\t\t<\/div> \n\n\t<div class=\"entry-footer\">\n\n\t\t<a href=\"https:\/\/coneb.africa\/web\/2025\/12\/11\/5720\/\" class=\"read_more\">Continue reading<\/a><div class=\"social_share\"><span class=\"ui-icon-line-share\"><span>SHARE<\/span><\/span><ul><li class=\"mail\"><a class=\"ui-icon-mail \" href=\"mailto:?body=https%3A%2F%2Fconeb.africa%2Fweb%2F2025%2F12%2F11%2F5720%2F\" title=\"Email\"><span>Email<\/span><\/a><\/li><li class=\"twitter\"><a class=\"ui-icon-twitter \" href=\"#\" data-url=\"http:\/\/twitter.com\/intent\/tweet?text=+https%3A%2F%2Fconeb.africa%2Fweb%2F2025%2F12%2F11%2F5720%2F\" title=\"Twitter\"><span>Twitter<\/span><\/a><\/li><li class=\"facebook\"><a class=\"ui-icon-facebook \" href=\"#\" data-url=\"http:\/\/www.facebook.com\/sharer\/sharer.php?u=https%3A%2F%2Fconeb.africa%2Fweb%2F2025%2F12%2F11%2F5720%2F&amp;title=\" title=\"Facebook\"><span>Facebook<\/span><\/a><\/li><li class=\"gplus\"><a class=\"ui-icon-gplus \" href=\"#\" data-url=\"https:\/\/plus.google.com\/share?url=https%3A%2F%2Fconeb.africa%2Fweb%2F2025%2F12%2F11%2F5720%2F\" title=\"Google +\"><span>Google +<\/span><\/a><\/li><li class=\"pinterest\"><a class=\"ui-icon-pinterest \" href=\"#\" data-url=\"http:\/\/pinterest.com\/pin\/create\/bookmarklet\/?media=&amp;url=https%3A%2F%2Fconeb.africa%2Fweb%2F2025%2F12%2F11%2F5720%2F&amp;is_video=false&amp;description=\" title=\"Pinterest\"><span>Pinterest<\/span><\/a><\/li><li class=\"tumblr\"><a class=\"ui-icon-tumblr \" href=\"#\" data-url=\"http:\/\/tumblr.com\/share?url=https%3A%2F%2Fconeb.africa%2Fweb%2F2025%2F12%2F11%2F5720%2F&amp;title=\" title=\"Tumblr\"><span>Tumblr<\/span><\/a><\/li><li class=\"linkedin\"><a class=\"ui-icon-linkedin \" href=\"#\" data-url=\"http:\/\/www.linkedin.com\/shareArticle?mini=true&amp;url=https%3A%2F%2Fconeb.africa%2Fweb%2F2025%2F12%2F11%2F5720%2F&amp;title=&amp;source=\" title=\"Linkedin\"><span>Linkedin<\/span><\/a><\/li><li class=\"vkontakte\"><a class=\"ui-icon-vkontakte \" href=\"#\" data-url=\"http:\/\/vkontakte.ru\/share.php?url=https%3A%2F%2Fconeb.africa%2Fweb%2F2025%2F12%2F11%2F5720%2F\" title=\"Vkontakte\"><span>Vkontakte<\/span><\/a><\/li><li class=\"whatsapp\"><a class=\"ui-icon-whatsapp \" href=\"#\" data-url=\"whatsapp:\/\/send?text=https%3A%2F%2Fconeb.africa%2Fweb%2F2025%2F12%2F11%2F5720%2F\" title=\"WhatsApp\"><span>WhatsApp<\/span><\/a><\/li><\/ul><\/div>\n\t<\/div>\n\n<!-- \/ blog box-->\n<\/div><\/article>\n<article id=\"5717\" class=\"col col-sm-4 post-5717 post type-post status-publish format-standard has-post-thumbnail hentry category-nouvelle\"><div class=\"post-content-wrapper\">\n \n\n<!-- blog box-->\n\t\t\t\t<figure class=\"featured_image featured_media\">\n\t\t\t<a href=\"https:\/\/coneb.africa\/web\/2025\/12\/05\/%f0%9d%90%94%f0%9d%90%8d%f0%9d%90%84-%f0%9d%90%83%f0%9d%90%84%f0%9d%90%82%f0%9d%90%84%f0%9d%90%8d%f0%9d%90%8d%f0%9d%90%88%f0%9d%90%84-%f0%9d%90%83%f0%9d%90%84-%f0%9d%90%82%f0%9d%90%8e\/\" title=\"\ud835\udc14\ud835\udc0d\ud835\udc04 \ud835\udc03\ud835\udc04\u0301\ud835\udc02\ud835\udc04\ud835\udc0d\ud835\udc0d\ud835\udc08\ud835\udc04 \ud835\udc03\ud835\udc04 \ud835\udc02\ud835\udc0e\ud835\udc0d\ud835\udc12\ud835\udc13\ud835\udc00\ud835\udc0d\ud835\udc02\ud835\udc04 \ud835\udc00\ud835\udc14 \ud835\udc12\ud835\udc04\ud835\udc11\ud835\udc15\ud835\udc08\ud835\udc02\ud835\udc04 \ud835\udc03\ud835\udc04 \ud835\udc0b&rsquo;\ud835\udc04\ud835\udc0d\ud835\udc13\ud835\udc11\ud835\udc04\ud835\udc0f\ud835\udc11\ud835\udc08\ud835\udc12\ud835\udc04 \ud835\udc01\ud835\udc04\u0301\ud835\udc0d\ud835\udc08\ud835\udc0d\ud835\udc0e\ud835\udc08\ud835\udc12\ud835\udc04\" class=\"imgeffect link featured_image\"><img loading=\"lazy\" decoding=\"async\" src=\"https:\/\/coneb.africa\/web\/wp-content\/uploads\/2025\/12\/10-ans--500x500.png\" alt=\"\" class=\"\" width=\"500\" height=\"500\" \/><\/a>\t\t\n\t\t<\/figure> \n\t\t\n\t\t\t\t\t\n\n\t<div class=\"entry-content text\">\n\n\t\t<!-- blog headline-->\n\t\t<h1 class=\"entry-title\"><a href=\"https:\/\/coneb.africa\/web\/2025\/12\/05\/%f0%9d%90%94%f0%9d%90%8d%f0%9d%90%84-%f0%9d%90%83%f0%9d%90%84%f0%9d%90%82%f0%9d%90%84%f0%9d%90%8d%f0%9d%90%8d%f0%9d%90%88%f0%9d%90%84-%f0%9d%90%83%f0%9d%90%84-%f0%9d%90%82%f0%9d%90%8e\/\" rel=\"bookmark\">\ud835\udc14\ud835\udc0d\ud835\udc04 \ud835\udc03\ud835\udc04\u0301\ud835\udc02\ud835\udc04\ud835\udc0d\ud835\udc0d\ud835\udc08\ud835\udc04 \ud835\udc03\ud835\udc04 \ud835\udc02\ud835\udc0e\ud835\udc0d\ud835\udc12\ud835\udc13\ud835\udc00\ud835\udc0d\ud835\udc02\ud835\udc04 \ud835\udc00\ud835\udc14 \ud835\udc12\ud835\udc04\ud835\udc11\ud835\udc15\ud835\udc08\ud835\udc02\ud835\udc04 \ud835\udc03\ud835\udc04 \ud835\udc0b&rsquo;\ud835\udc04\ud835\udc0d\ud835\udc13\ud835\udc11\ud835\udc04\ud835\udc0f\ud835\udc11\ud835\udc08\ud835\udc12\ud835\udc04 \ud835\udc01\ud835\udc04\u0301\ud835\udc0d\ud835\udc08\ud835\udc0d\ud835\udc0e\ud835\udc08\ud835\udc12\ud835\udc04<\/a><\/h1> \n\n\t\t\r\n\t\t<!-- meta data -->\r\n\t\t<div class=\"post_data\">\r\n\r\n\t\t\t\r\n\t\t\t\t\t\t\t\r\n\t\t\t\t\t\t<!-- categories -->\r\n\t\t\t<span class=\"categories\">\r\n\t\t\tin <a href=\"https:\/\/coneb.africa\/web\/category\/nouvelle\/\" rel=\"category tag\">Nouvelle<\/a>\t\t\t\t\r\n\t\t\t<\/span>\r\n\t\t\t\r\n\t\t\t\r\n\t\t\t\t\t\t<!-- comments --> \r\n\t\t\t<span class=\"comment_link\"><a href=\"https:\/\/coneb.africa\/web\/2025\/12\/05\/%f0%9d%90%94%f0%9d%90%8d%f0%9d%90%84-%f0%9d%90%83%f0%9d%90%84%f0%9d%90%82%f0%9d%90%84%f0%9d%90%8d%f0%9d%90%8d%f0%9d%90%88%f0%9d%90%84-%f0%9d%90%83%f0%9d%90%84-%f0%9d%90%82%f0%9d%90%8e\/#respond\" title=\"0 Comment\" class=\"comment_link\">0 Comment<\/a><\/span>\r\n\t\t\t\t\t\t\r\n\t\t<\/div><!-- \/ end div  .post_data -->\r\n\t\n\t\t<p>\ud835\udc04\ud835\udc2d \ud835\udc2c\ud835\udc22 \ud835\udc1d\ud835\udc22\ud835\udc31 \ud835\udc1a\ud835\udc27\ud835\udc27\ud835\udc1e\u0301\ud835\udc1e\ud835\udc2c \ud835\udc1d\u2019\ud835\udc1e\ud835\udc27\ud835\udc20\ud835\udc1a\ud835\udc20\ud835\udc1e\ud835\udc26\ud835\udc1e\ud835\udc27\ud835\udc2d \ud835\udc29\ud835\udc28\ud835\udc2e\ud835\udc2f\ud835\udc1a\ud835\udc22\ud835\udc1e\ud835\udc27\ud835\udc2d \ud835\udc1c\ud835\udc21\ud835\udc1a\ud835\udc27\ud835\udc20\ud835\udc1e\ud835\udc2b \ud835\udc25\ud835\udc1a \ud835\udc2d\ud835\udc2b\ud835\udc1a\ud835\udc23\ud835\udc1e\ud835\udc1c\ud835\udc2d\ud835\udc28\ud835\udc22\ud835\udc2b\ud835\udc1e \ud835\udc1d\u2019\ud835\udc2e\ud835\udc27 \ud835\udc29\ud835\udc1a\ud835\udc32\ud835\udc2c ? Au B\u00e9nin, une institution a relev\u00e9 ce d\u00e9fi sans frissonner : la \ud835\udc02\ud835\udc0e\ud835\udc0d\ud835\udc04\ud835\udc01 , vigie lucide et moteur discret mais implacable de l\u2019\u00e9cosyst\u00e8me entrepreneurial. Dix ans que le secteur priv\u00e9 avance\u2026 et rarement seul. Dix ans. Une respiration dans l\u2019histoire, mais un \u00e2ge [&hellip;]<\/p>\n\t<\/div> \n\n\t<div class=\"entry-footer\">\n\n\t\t<a href=\"https:\/\/coneb.africa\/web\/2025\/12\/05\/%f0%9d%90%94%f0%9d%90%8d%f0%9d%90%84-%f0%9d%90%83%f0%9d%90%84%f0%9d%90%82%f0%9d%90%84%f0%9d%90%8d%f0%9d%90%8d%f0%9d%90%88%f0%9d%90%84-%f0%9d%90%83%f0%9d%90%84-%f0%9d%90%82%f0%9d%90%8e\/\" class=\"read_more\">Continue reading<\/a><div class=\"social_share\"><span class=\"ui-icon-line-share\"><span>SHARE<\/span><\/span><ul><li class=\"mail\"><a class=\"ui-icon-mail \" href=\"mailto:?body=https%3A%2F%2Fconeb.africa%2Fweb%2F2025%2F12%2F05%2F%25f0%259d%2590%2594%25f0%259d%2590%258d%25f0%259d%2590%2584-%25f0%259d%2590%2583%25f0%259d%2590%2584%25f0%259d%2590%2582%25f0%259d%2590%2584%25f0%259d%2590%258d%25f0%259d%2590%258d%25f0%259d%2590%2588%25f0%259d%2590%2584-%25f0%259d%2590%2583%25f0%259d%2590%2584-%25f0%259d%2590%2582%25f0%259d%2590%258e%2F\" title=\"Email\"><span>Email<\/span><\/a><\/li><li class=\"twitter\"><a class=\"ui-icon-twitter \" href=\"#\" data-url=\"http:\/\/twitter.com\/intent\/tweet?text=%F0%9D%90%94%F0%9D%90%8D%F0%9D%90%84+%F0%9D%90%83%F0%9D%90%84%CC%81%F0%9D%90%82%F0%9D%90%84%F0%9D%90%8D%F0%9D%90%8D%F0%9D%90%88%F0%9D%90%84+%F0%9D%90%83%F0%9D%90%84+%F0%9D%90%82%F0%9D%90%8E%F0%9D%90%8D%F0%9D%90%92%F0%9D%90%93%F0%9D%90%80%F0%9D%90%8D%F0%9D%90%82%F0%9D%90%84+%F0%9D%90%80%F0%9D%90%94+%F0%9D%90%92%F0%9D%90%84%F0%9D%90%91%F0%9D%90%95%F0%9D%90%88%F0%9D%90%82%F0%9D%90%84+%F0%9D%90%83%F0%9D%90%84+%F0%9D%90%8B%26rsquo%3B%F0%9D%90%84%F0%9D%90%8D%F0%9D%90%93%F0%9D%90%91%F0%9D%90%84%F0%9D%90%8F%F0%9D%90%91%F0%9D%90%88%F0%9D%90%92%F0%9D%90%84+%F0%9D%90%81%F0%9D%90%84%CC%81%F0%9D%90%8D%F0%9D%90%88%F0%9D%90%8D%F0%9D%90%8E%F0%9D%90%88%F0%9D%90%92%F0%9D%90%84+https%3A%2F%2Fconeb.africa%2Fweb%2F2025%2F12%2F05%2F%25f0%259d%2590%2594%25f0%259d%2590%258d%25f0%259d%2590%2584-%25f0%259d%2590%2583%25f0%259d%2590%2584%25f0%259d%2590%2582%25f0%259d%2590%2584%25f0%259d%2590%258d%25f0%259d%2590%258d%25f0%259d%2590%2588%25f0%259d%2590%2584-%25f0%259d%2590%2583%25f0%259d%2590%2584-%25f0%259d%2590%2582%25f0%259d%2590%258e%2F\" title=\"Twitter\"><span>Twitter<\/span><\/a><\/li><li class=\"facebook\"><a class=\"ui-icon-facebook \" href=\"#\" data-url=\"http:\/\/www.facebook.com\/sharer\/sharer.php?u=https%3A%2F%2Fconeb.africa%2Fweb%2F2025%2F12%2F05%2F%25f0%259d%2590%2594%25f0%259d%2590%258d%25f0%259d%2590%2584-%25f0%259d%2590%2583%25f0%259d%2590%2584%25f0%259d%2590%2582%25f0%259d%2590%2584%25f0%259d%2590%258d%25f0%259d%2590%258d%25f0%259d%2590%2588%25f0%259d%2590%2584-%25f0%259d%2590%2583%25f0%259d%2590%2584-%25f0%259d%2590%2582%25f0%259d%2590%258e%2F&amp;title=%F0%9D%90%94%F0%9D%90%8D%F0%9D%90%84+%F0%9D%90%83%F0%9D%90%84%CC%81%F0%9D%90%82%F0%9D%90%84%F0%9D%90%8D%F0%9D%90%8D%F0%9D%90%88%F0%9D%90%84+%F0%9D%90%83%F0%9D%90%84+%F0%9D%90%82%F0%9D%90%8E%F0%9D%90%8D%F0%9D%90%92%F0%9D%90%93%F0%9D%90%80%F0%9D%90%8D%F0%9D%90%82%F0%9D%90%84+%F0%9D%90%80%F0%9D%90%94+%F0%9D%90%92%F0%9D%90%84%F0%9D%90%91%F0%9D%90%95%F0%9D%90%88%F0%9D%90%82%F0%9D%90%84+%F0%9D%90%83%F0%9D%90%84+%F0%9D%90%8B%26rsquo%3B%F0%9D%90%84%F0%9D%90%8D%F0%9D%90%93%F0%9D%90%91%F0%9D%90%84%F0%9D%90%8F%F0%9D%90%91%F0%9D%90%88%F0%9D%90%92%F0%9D%90%84+%F0%9D%90%81%F0%9D%90%84%CC%81%F0%9D%90%8D%F0%9D%90%88%F0%9D%90%8D%F0%9D%90%8E%F0%9D%90%88%F0%9D%90%92%F0%9D%90%84\" title=\"Facebook\"><span>Facebook<\/span><\/a><\/li><li class=\"gplus\"><a class=\"ui-icon-gplus \" href=\"#\" data-url=\"https:\/\/plus.google.com\/share?url=https%3A%2F%2Fconeb.africa%2Fweb%2F2025%2F12%2F05%2F%25f0%259d%2590%2594%25f0%259d%2590%258d%25f0%259d%2590%2584-%25f0%259d%2590%2583%25f0%259d%2590%2584%25f0%259d%2590%2582%25f0%259d%2590%2584%25f0%259d%2590%258d%25f0%259d%2590%258d%25f0%259d%2590%2588%25f0%259d%2590%2584-%25f0%259d%2590%2583%25f0%259d%2590%2584-%25f0%259d%2590%2582%25f0%259d%2590%258e%2F\" title=\"Google +\"><span>Google +<\/span><\/a><\/li><li class=\"pinterest\"><a class=\"ui-icon-pinterest \" href=\"#\" data-url=\"http:\/\/pinterest.com\/pin\/create\/bookmarklet\/?media=https%3A%2F%2Fconeb.africa%2Fweb%2Fwp-content%2Fuploads%2F2025%2F12%2F10-ans-.png&amp;url=https%3A%2F%2Fconeb.africa%2Fweb%2F2025%2F12%2F05%2F%25f0%259d%2590%2594%25f0%259d%2590%258d%25f0%259d%2590%2584-%25f0%259d%2590%2583%25f0%259d%2590%2584%25f0%259d%2590%2582%25f0%259d%2590%2584%25f0%259d%2590%258d%25f0%259d%2590%258d%25f0%259d%2590%2588%25f0%259d%2590%2584-%25f0%259d%2590%2583%25f0%259d%2590%2584-%25f0%259d%2590%2582%25f0%259d%2590%258e%2F&amp;is_video=false&amp;description=%F0%9D%90%94%F0%9D%90%8D%F0%9D%90%84+%F0%9D%90%83%F0%9D%90%84%CC%81%F0%9D%90%82%F0%9D%90%84%F0%9D%90%8D%F0%9D%90%8D%F0%9D%90%88%F0%9D%90%84+%F0%9D%90%83%F0%9D%90%84+%F0%9D%90%82%F0%9D%90%8E%F0%9D%90%8D%F0%9D%90%92%F0%9D%90%93%F0%9D%90%80%F0%9D%90%8D%F0%9D%90%82%F0%9D%90%84+%F0%9D%90%80%F0%9D%90%94+%F0%9D%90%92%F0%9D%90%84%F0%9D%90%91%F0%9D%90%95%F0%9D%90%88%F0%9D%90%82%F0%9D%90%84+%F0%9D%90%83%F0%9D%90%84+%F0%9D%90%8B%26rsquo%3B%F0%9D%90%84%F0%9D%90%8D%F0%9D%90%93%F0%9D%90%91%F0%9D%90%84%F0%9D%90%8F%F0%9D%90%91%F0%9D%90%88%F0%9D%90%92%F0%9D%90%84+%F0%9D%90%81%F0%9D%90%84%CC%81%F0%9D%90%8D%F0%9D%90%88%F0%9D%90%8D%F0%9D%90%8E%F0%9D%90%88%F0%9D%90%92%F0%9D%90%84\" title=\"Pinterest\"><span>Pinterest<\/span><\/a><\/li><li class=\"tumblr\"><a class=\"ui-icon-tumblr \" href=\"#\" data-url=\"http:\/\/tumblr.com\/share?url=https%3A%2F%2Fconeb.africa%2Fweb%2F2025%2F12%2F05%2F%25f0%259d%2590%2594%25f0%259d%2590%258d%25f0%259d%2590%2584-%25f0%259d%2590%2583%25f0%259d%2590%2584%25f0%259d%2590%2582%25f0%259d%2590%2584%25f0%259d%2590%258d%25f0%259d%2590%258d%25f0%259d%2590%2588%25f0%259d%2590%2584-%25f0%259d%2590%2583%25f0%259d%2590%2584-%25f0%259d%2590%2582%25f0%259d%2590%258e%2F&amp;title=%F0%9D%90%94%F0%9D%90%8D%F0%9D%90%84+%F0%9D%90%83%F0%9D%90%84%CC%81%F0%9D%90%82%F0%9D%90%84%F0%9D%90%8D%F0%9D%90%8D%F0%9D%90%88%F0%9D%90%84+%F0%9D%90%83%F0%9D%90%84+%F0%9D%90%82%F0%9D%90%8E%F0%9D%90%8D%F0%9D%90%92%F0%9D%90%93%F0%9D%90%80%F0%9D%90%8D%F0%9D%90%82%F0%9D%90%84+%F0%9D%90%80%F0%9D%90%94+%F0%9D%90%92%F0%9D%90%84%F0%9D%90%91%F0%9D%90%95%F0%9D%90%88%F0%9D%90%82%F0%9D%90%84+%F0%9D%90%83%F0%9D%90%84+%F0%9D%90%8B%26rsquo%3B%F0%9D%90%84%F0%9D%90%8D%F0%9D%90%93%F0%9D%90%91%F0%9D%90%84%F0%9D%90%8F%F0%9D%90%91%F0%9D%90%88%F0%9D%90%92%F0%9D%90%84+%F0%9D%90%81%F0%9D%90%84%CC%81%F0%9D%90%8D%F0%9D%90%88%F0%9D%90%8D%F0%9D%90%8E%F0%9D%90%88%F0%9D%90%92%F0%9D%90%84\" title=\"Tumblr\"><span>Tumblr<\/span><\/a><\/li><li class=\"linkedin\"><a class=\"ui-icon-linkedin \" href=\"#\" data-url=\"http:\/\/www.linkedin.com\/shareArticle?mini=true&amp;url=https%3A%2F%2Fconeb.africa%2Fweb%2F2025%2F12%2F05%2F%25f0%259d%2590%2594%25f0%259d%2590%258d%25f0%259d%2590%2584-%25f0%259d%2590%2583%25f0%259d%2590%2584%25f0%259d%2590%2582%25f0%259d%2590%2584%25f0%259d%2590%258d%25f0%259d%2590%258d%25f0%259d%2590%2588%25f0%259d%2590%2584-%25f0%259d%2590%2583%25f0%259d%2590%2584-%25f0%259d%2590%2582%25f0%259d%2590%258e%2F&amp;title=%F0%9D%90%94%F0%9D%90%8D%F0%9D%90%84+%F0%9D%90%83%F0%9D%90%84%CC%81%F0%9D%90%82%F0%9D%90%84%F0%9D%90%8D%F0%9D%90%8D%F0%9D%90%88%F0%9D%90%84+%F0%9D%90%83%F0%9D%90%84+%F0%9D%90%82%F0%9D%90%8E%F0%9D%90%8D%F0%9D%90%92%F0%9D%90%93%F0%9D%90%80%F0%9D%90%8D%F0%9D%90%82%F0%9D%90%84+%F0%9D%90%80%F0%9D%90%94+%F0%9D%90%92%F0%9D%90%84%F0%9D%90%91%F0%9D%90%95%F0%9D%90%88%F0%9D%90%82%F0%9D%90%84+%F0%9D%90%83%F0%9D%90%84+%F0%9D%90%8B%26rsquo%3B%F0%9D%90%84%F0%9D%90%8D%F0%9D%90%93%F0%9D%90%91%F0%9D%90%84%F0%9D%90%8F%F0%9D%90%91%F0%9D%90%88%F0%9D%90%92%F0%9D%90%84+%F0%9D%90%81%F0%9D%90%84%CC%81%F0%9D%90%8D%F0%9D%90%88%F0%9D%90%8D%F0%9D%90%8E%F0%9D%90%88%F0%9D%90%92%F0%9D%90%84&amp;source=\" title=\"Linkedin\"><span>Linkedin<\/span><\/a><\/li><li class=\"vkontakte\"><a class=\"ui-icon-vkontakte \" href=\"#\" data-url=\"http:\/\/vkontakte.ru\/share.php?url=https%3A%2F%2Fconeb.africa%2Fweb%2F2025%2F12%2F05%2F%25f0%259d%2590%2594%25f0%259d%2590%258d%25f0%259d%2590%2584-%25f0%259d%2590%2583%25f0%259d%2590%2584%25f0%259d%2590%2582%25f0%259d%2590%2584%25f0%259d%2590%258d%25f0%259d%2590%258d%25f0%259d%2590%2588%25f0%259d%2590%2584-%25f0%259d%2590%2583%25f0%259d%2590%2584-%25f0%259d%2590%2582%25f0%259d%2590%258e%2F\" title=\"Vkontakte\"><span>Vkontakte<\/span><\/a><\/li><li class=\"whatsapp\"><a class=\"ui-icon-whatsapp \" href=\"#\" data-url=\"whatsapp:\/\/send?text=https%3A%2F%2Fconeb.africa%2Fweb%2F2025%2F12%2F05%2F%25f0%259d%2590%2594%25f0%259d%2590%258d%25f0%259d%2590%2584-%25f0%259d%2590%2583%25f0%259d%2590%2584%25f0%259d%2590%2582%25f0%259d%2590%2584%25f0%259d%2590%258d%25f0%259d%2590%258d%25f0%259d%2590%2588%25f0%259d%2590%2584-%25f0%259d%2590%2583%25f0%259d%2590%2584-%25f0%259d%2590%2582%25f0%259d%2590%258e%2F\" title=\"WhatsApp\"><span>WhatsApp<\/span><\/a><\/li><\/ul><\/div>\n\t<\/div>\n\n<!-- \/ blog box-->\n<\/div><\/article>\n<article id=\"5713\" class=\"col col-sm-4 post-5713 post type-post status-publish format-standard hentry category-nouvelle\"><div class=\"post-content-wrapper\">\n \n\n<!-- blog box-->\n\t\t\n\t\t\t\t\t\n\n\t<div class=\"entry-content text\">\n\n\t\t<!-- blog headline-->\n\t\t<h1 class=\"entry-title\"><a href=\"https:\/\/coneb.africa\/web\/2025\/11\/14\/la-coneb-valorise-lappui-du-projet-propme-a-la-promotion-de-lemploi-durable-au-benin-2\/\" rel=\"bookmark\">La CONEB valorise l\u2019appui du projet ProPME \u00e0 la promotion de l\u2019emploi durable au B\u00e9nin<\/a><\/h1> \n\n\t\t\r\n\t\t<!-- meta data -->\r\n\t\t<div class=\"post_data\">\r\n\r\n\t\t\t\r\n\t\t\t\t\t\t\t\r\n\t\t\t\t\t\t<!-- categories -->\r\n\t\t\t<span class=\"categories\">\r\n\t\t\tin <a href=\"https:\/\/coneb.africa\/web\/category\/nouvelle\/\" rel=\"category tag\">Nouvelle<\/a>\t\t\t\t\r\n\t\t\t<\/span>\r\n\t\t\t\r\n\t\t\t\r\n\t\t\t\t\t\t<!-- comments --> \r\n\t\t\t<span class=\"comment_link\"><a href=\"https:\/\/coneb.africa\/web\/2025\/11\/14\/la-coneb-valorise-lappui-du-projet-propme-a-la-promotion-de-lemploi-durable-au-benin-2\/#respond\" title=\"0 Comment\" class=\"comment_link\">0 Comment<\/a><\/span>\r\n\t\t\t\t\t\t\r\n\t\t<\/div><!-- \/ end div  .post_data -->\r\n\t\n\t\t<p>La Conf\u00e9d\u00e9ration Nationale des Employeurs du B\u00e9nin (CONEB) poursuit son engagement en faveur de la croissance des MPME et de la promotion de l\u2019emploi durable, \u00e0 travers la campagne digitale \u00ab Soutenir la croissance des MPME au B\u00e9nin avec le projet ProPME et ses partenaires \u00bb. Dans ce cadre, la CONEB met en lumi\u00e8re une [&hellip;]<\/p>\n\t<\/div> \n\n\t<div class=\"entry-footer\">\n\n\t\t<a href=\"https:\/\/coneb.africa\/web\/2025\/11\/14\/la-coneb-valorise-lappui-du-projet-propme-a-la-promotion-de-lemploi-durable-au-benin-2\/\" class=\"read_more\">Continue reading<\/a><div class=\"social_share\"><span class=\"ui-icon-line-share\"><span>SHARE<\/span><\/span><ul><li class=\"mail\"><a class=\"ui-icon-mail \" href=\"mailto:?body=https%3A%2F%2Fconeb.africa%2Fweb%2F2025%2F11%2F14%2Fla-coneb-valorise-lappui-du-projet-propme-a-la-promotion-de-lemploi-durable-au-benin-2%2F\" title=\"Email\"><span>Email<\/span><\/a><\/li><li class=\"twitter\"><a class=\"ui-icon-twitter \" href=\"#\" data-url=\"http:\/\/twitter.com\/intent\/tweet?text=La+CONEB+valorise+l%E2%80%99appui+du+projet+ProPME+%C3%A0+la+promotion+de+l%E2%80%99emploi+durable+au+B%C3%A9nin+https%3A%2F%2Fconeb.africa%2Fweb%2F2025%2F11%2F14%2Fla-coneb-valorise-lappui-du-projet-propme-a-la-promotion-de-lemploi-durable-au-benin-2%2F\" title=\"Twitter\"><span>Twitter<\/span><\/a><\/li><li class=\"facebook\"><a class=\"ui-icon-facebook \" href=\"#\" data-url=\"http:\/\/www.facebook.com\/sharer\/sharer.php?u=https%3A%2F%2Fconeb.africa%2Fweb%2F2025%2F11%2F14%2Fla-coneb-valorise-lappui-du-projet-propme-a-la-promotion-de-lemploi-durable-au-benin-2%2F&amp;title=La+CONEB+valorise+l%E2%80%99appui+du+projet+ProPME+%C3%A0+la+promotion+de+l%E2%80%99emploi+durable+au+B%C3%A9nin\" title=\"Facebook\"><span>Facebook<\/span><\/a><\/li><li class=\"gplus\"><a class=\"ui-icon-gplus \" href=\"#\" data-url=\"https:\/\/plus.google.com\/share?url=https%3A%2F%2Fconeb.africa%2Fweb%2F2025%2F11%2F14%2Fla-coneb-valorise-lappui-du-projet-propme-a-la-promotion-de-lemploi-durable-au-benin-2%2F\" title=\"Google +\"><span>Google +<\/span><\/a><\/li><li class=\"pinterest\"><a class=\"ui-icon-pinterest \" href=\"#\" data-url=\"http:\/\/pinterest.com\/pin\/create\/bookmarklet\/?media=&amp;url=https%3A%2F%2Fconeb.africa%2Fweb%2F2025%2F11%2F14%2Fla-coneb-valorise-lappui-du-projet-propme-a-la-promotion-de-lemploi-durable-au-benin-2%2F&amp;is_video=false&amp;description=La+CONEB+valorise+l%E2%80%99appui+du+projet+ProPME+%C3%A0+la+promotion+de+l%E2%80%99emploi+durable+au+B%C3%A9nin\" title=\"Pinterest\"><span>Pinterest<\/span><\/a><\/li><li class=\"tumblr\"><a class=\"ui-icon-tumblr \" href=\"#\" data-url=\"http:\/\/tumblr.com\/share?url=https%3A%2F%2Fconeb.africa%2Fweb%2F2025%2F11%2F14%2Fla-coneb-valorise-lappui-du-projet-propme-a-la-promotion-de-lemploi-durable-au-benin-2%2F&amp;title=La+CONEB+valorise+l%E2%80%99appui+du+projet+ProPME+%C3%A0+la+promotion+de+l%E2%80%99emploi+durable+au+B%C3%A9nin\" title=\"Tumblr\"><span>Tumblr<\/span><\/a><\/li><li class=\"linkedin\"><a class=\"ui-icon-linkedin \" href=\"#\" data-url=\"http:\/\/www.linkedin.com\/shareArticle?mini=true&amp;url=https%3A%2F%2Fconeb.africa%2Fweb%2F2025%2F11%2F14%2Fla-coneb-valorise-lappui-du-projet-propme-a-la-promotion-de-lemploi-durable-au-benin-2%2F&amp;title=La+CONEB+valorise+l%E2%80%99appui+du+projet+ProPME+%C3%A0+la+promotion+de+l%E2%80%99emploi+durable+au+B%C3%A9nin&amp;source=\" title=\"Linkedin\"><span>Linkedin<\/span><\/a><\/li><li class=\"vkontakte\"><a class=\"ui-icon-vkontakte \" href=\"#\" data-url=\"http:\/\/vkontakte.ru\/share.php?url=https%3A%2F%2Fconeb.africa%2Fweb%2F2025%2F11%2F14%2Fla-coneb-valorise-lappui-du-projet-propme-a-la-promotion-de-lemploi-durable-au-benin-2%2F\" title=\"Vkontakte\"><span>Vkontakte<\/span><\/a><\/li><li class=\"whatsapp\"><a class=\"ui-icon-whatsapp \" href=\"#\" data-url=\"whatsapp:\/\/send?text=https%3A%2F%2Fconeb.africa%2Fweb%2F2025%2F11%2F14%2Fla-coneb-valorise-lappui-du-projet-propme-a-la-promotion-de-lemploi-durable-au-benin-2%2F\" title=\"WhatsApp\"><span>WhatsApp<\/span><\/a><\/li><\/ul><\/div>\n\t<\/div>\n\n<!-- \/ blog box-->\n<\/div><\/article>\n<\/div>\n<div class=\"row clearfix\">\n<article id=\"5699\" class=\"col col-sm-4 post-5699 post type-post status-publish format-standard has-post-thumbnail hentry category-nouvelle\"><div class=\"post-content-wrapper\">\n \n\n<!-- blog box-->\n\t\t\t\t<figure class=\"featured_image featured_media\">\n\t\t\t<a href=\"https:\/\/coneb.africa\/web\/2025\/10\/07\/5699\/\" title=\"\" class=\"imgeffect link featured_image\"><img loading=\"lazy\" decoding=\"async\" src=\"https:\/\/coneb.africa\/web\/wp-content\/uploads\/2025\/10\/WhatsApp-Image-2025-10-07-a-07.14.27_0e112cd5-500x500.jpg\" alt=\"\" class=\"\" width=\"500\" height=\"500\" \/><\/a>\t\t\n\t\t<\/figure> \n\t\t\n\t\t\t\t\t\n\n\t<div class=\"entry-content text\">\n\n\t\t<!-- blog headline-->\n\t\t<h1 class=\"entry-title\"><a href=\"https:\/\/coneb.africa\/web\/2025\/10\/07\/5699\/\" rel=\"bookmark\"><\/a><\/h1> \n\n\t\t\r\n\t\t<!-- meta data -->\r\n\t\t<div class=\"post_data\">\r\n\r\n\t\t\t\r\n\t\t\t\t\t\t\t\r\n\t\t\t\t\t\t<!-- categories -->\r\n\t\t\t<span class=\"categories\">\r\n\t\t\tin <a href=\"https:\/\/coneb.africa\/web\/category\/nouvelle\/\" rel=\"category tag\">Nouvelle<\/a>\t\t\t\t\r\n\t\t\t<\/span>\r\n\t\t\t\r\n\t\t\t\r\n\t\t\t\t\t\t<!-- comments --> \r\n\t\t\t<span class=\"comment_link\"><a href=\"https:\/\/coneb.africa\/web\/2025\/10\/07\/5699\/#respond\" title=\"0 Comment\" class=\"comment_link\">0 Comment<\/a><\/span>\r\n\t\t\t\t\t\t\r\n\t\t<\/div><!-- \/ end div  .post_data -->\r\n\t\n\t\t\t<\/div> \n\n\t<div class=\"entry-footer\">\n\n\t\t<a href=\"https:\/\/coneb.africa\/web\/2025\/10\/07\/5699\/\" class=\"read_more\">Continue reading<\/a><div class=\"social_share\"><span class=\"ui-icon-line-share\"><span>SHARE<\/span><\/span><ul><li class=\"mail\"><a class=\"ui-icon-mail \" href=\"mailto:?body=https%3A%2F%2Fconeb.africa%2Fweb%2F2025%2F10%2F07%2F5699%2F\" title=\"Email\"><span>Email<\/span><\/a><\/li><li class=\"twitter\"><a class=\"ui-icon-twitter \" href=\"#\" data-url=\"http:\/\/twitter.com\/intent\/tweet?text=+https%3A%2F%2Fconeb.africa%2Fweb%2F2025%2F10%2F07%2F5699%2F\" title=\"Twitter\"><span>Twitter<\/span><\/a><\/li><li class=\"facebook\"><a class=\"ui-icon-facebook \" href=\"#\" data-url=\"http:\/\/www.facebook.com\/sharer\/sharer.php?u=https%3A%2F%2Fconeb.africa%2Fweb%2F2025%2F10%2F07%2F5699%2F&amp;title=\" title=\"Facebook\"><span>Facebook<\/span><\/a><\/li><li class=\"gplus\"><a class=\"ui-icon-gplus \" href=\"#\" data-url=\"https:\/\/plus.google.com\/share?url=https%3A%2F%2Fconeb.africa%2Fweb%2F2025%2F10%2F07%2F5699%2F\" title=\"Google +\"><span>Google +<\/span><\/a><\/li><li class=\"pinterest\"><a class=\"ui-icon-pinterest \" href=\"#\" data-url=\"http:\/\/pinterest.com\/pin\/create\/bookmarklet\/?media=https%3A%2F%2Fconeb.africa%2Fweb%2Fwp-content%2Fuploads%2F2025%2F10%2FWhatsApp-Image-2025-10-07-a-07.14.27_0e112cd5.jpg&amp;url=https%3A%2F%2Fconeb.africa%2Fweb%2F2025%2F10%2F07%2F5699%2F&amp;is_video=false&amp;description=\" title=\"Pinterest\"><span>Pinterest<\/span><\/a><\/li><li class=\"tumblr\"><a class=\"ui-icon-tumblr \" href=\"#\" data-url=\"http:\/\/tumblr.com\/share?url=https%3A%2F%2Fconeb.africa%2Fweb%2F2025%2F10%2F07%2F5699%2F&amp;title=\" title=\"Tumblr\"><span>Tumblr<\/span><\/a><\/li><li class=\"linkedin\"><a class=\"ui-icon-linkedin \" href=\"#\" data-url=\"http:\/\/www.linkedin.com\/shareArticle?mini=true&amp;url=https%3A%2F%2Fconeb.africa%2Fweb%2F2025%2F10%2F07%2F5699%2F&amp;title=&amp;source=\" title=\"Linkedin\"><span>Linkedin<\/span><\/a><\/li><li class=\"vkontakte\"><a class=\"ui-icon-vkontakte \" href=\"#\" data-url=\"http:\/\/vkontakte.ru\/share.php?url=https%3A%2F%2Fconeb.africa%2Fweb%2F2025%2F10%2F07%2F5699%2F\" title=\"Vkontakte\"><span>Vkontakte<\/span><\/a><\/li><li class=\"whatsapp\"><a class=\"ui-icon-whatsapp \" href=\"#\" data-url=\"whatsapp:\/\/send?text=https%3A%2F%2Fconeb.africa%2Fweb%2F2025%2F10%2F07%2F5699%2F\" title=\"WhatsApp\"><span>WhatsApp<\/span><\/a><\/li><\/ul><\/div>\n\t<\/div>\n\n<!-- \/ blog box-->\n<\/div><\/article>\n<article id=\"5694\" class=\"col col-sm-4 post-5694 post type-post status-publish format-standard has-post-thumbnail hentry category-non-classe category-nouvelle\"><div class=\"post-content-wrapper\">\n \n\n<!-- blog box-->\n\t\t\t\t<figure class=\"featured_image featured_media\">\n\t\t\t<a href=\"https:\/\/coneb.africa\/web\/2025\/10\/07\/5694\/\" title=\"\" class=\"imgeffect link featured_image\"><img loading=\"lazy\" decoding=\"async\" src=\"https:\/\/coneb.africa\/web\/wp-content\/uploads\/2025\/10\/IMG-20251007-WA0092-500x500.jpg\" alt=\"\" class=\"\" width=\"500\" height=\"500\" \/><\/a>\t\t\n\t\t<\/figure> \n\t\t\n\t\t\t\t\t\n\n\t<div class=\"entry-content text\">\n\n\t\t<!-- blog headline-->\n\t\t<h1 class=\"entry-title\"><a href=\"https:\/\/coneb.africa\/web\/2025\/10\/07\/5694\/\" rel=\"bookmark\"><\/a><\/h1> \n\n\t\t\r\n\t\t<!-- meta data -->\r\n\t\t<div class=\"post_data\">\r\n\r\n\t\t\t\r\n\t\t\t\t\t\t\t\r\n\t\t\t\t\t\t<!-- categories -->\r\n\t\t\t<span class=\"categories\">\r\n\t\t\tin <a href=\"https:\/\/coneb.africa\/web\/category\/non-classe\/\" rel=\"category tag\">Non class\u00e9<\/a>, <a href=\"https:\/\/coneb.africa\/web\/category\/nouvelle\/\" rel=\"category tag\">Nouvelle<\/a>\t\t\t\t\r\n\t\t\t<\/span>\r\n\t\t\t\r\n\t\t\t\r\n\t\t\t\t\t\t<!-- comments --> \r\n\t\t\t<span class=\"comment_link\"><a href=\"https:\/\/coneb.africa\/web\/2025\/10\/07\/5694\/#respond\" title=\"0 Comment\" class=\"comment_link\">0 Comment<\/a><\/span>\r\n\t\t\t\t\t\t\r\n\t\t<\/div><!-- \/ end div  .post_data -->\r\n\t\n\t\t\t<\/div> \n\n\t<div class=\"entry-footer\">\n\n\t\t<a href=\"https:\/\/coneb.africa\/web\/2025\/10\/07\/5694\/\" class=\"read_more\">Continue reading<\/a><div class=\"social_share\"><span class=\"ui-icon-line-share\"><span>SHARE<\/span><\/span><ul><li class=\"mail\"><a class=\"ui-icon-mail \" href=\"mailto:?body=https%3A%2F%2Fconeb.africa%2Fweb%2F2025%2F10%2F07%2F5694%2F\" title=\"Email\"><span>Email<\/span><\/a><\/li><li class=\"twitter\"><a class=\"ui-icon-twitter \" href=\"#\" data-url=\"http:\/\/twitter.com\/intent\/tweet?text=+https%3A%2F%2Fconeb.africa%2Fweb%2F2025%2F10%2F07%2F5694%2F\" title=\"Twitter\"><span>Twitter<\/span><\/a><\/li><li class=\"facebook\"><a class=\"ui-icon-facebook \" href=\"#\" data-url=\"http:\/\/www.facebook.com\/sharer\/sharer.php?u=https%3A%2F%2Fconeb.africa%2Fweb%2F2025%2F10%2F07%2F5694%2F&amp;title=\" title=\"Facebook\"><span>Facebook<\/span><\/a><\/li><li class=\"gplus\"><a class=\"ui-icon-gplus \" href=\"#\" data-url=\"https:\/\/plus.google.com\/share?url=https%3A%2F%2Fconeb.africa%2Fweb%2F2025%2F10%2F07%2F5694%2F\" title=\"Google +\"><span>Google +<\/span><\/a><\/li><li class=\"pinterest\"><a class=\"ui-icon-pinterest \" href=\"#\" data-url=\"http:\/\/pinterest.com\/pin\/create\/bookmarklet\/?media=https%3A%2F%2Fconeb.africa%2Fweb%2Fwp-content%2Fuploads%2F2025%2F10%2FIMG-20251007-WA0092.jpg&amp;url=https%3A%2F%2Fconeb.africa%2Fweb%2F2025%2F10%2F07%2F5694%2F&amp;is_video=false&amp;description=\" title=\"Pinterest\"><span>Pinterest<\/span><\/a><\/li><li class=\"tumblr\"><a class=\"ui-icon-tumblr \" href=\"#\" data-url=\"http:\/\/tumblr.com\/share?url=https%3A%2F%2Fconeb.africa%2Fweb%2F2025%2F10%2F07%2F5694%2F&amp;title=\" title=\"Tumblr\"><span>Tumblr<\/span><\/a><\/li><li class=\"linkedin\"><a class=\"ui-icon-linkedin \" href=\"#\" data-url=\"http:\/\/www.linkedin.com\/shareArticle?mini=true&amp;url=https%3A%2F%2Fconeb.africa%2Fweb%2F2025%2F10%2F07%2F5694%2F&amp;title=&amp;source=\" title=\"Linkedin\"><span>Linkedin<\/span><\/a><\/li><li class=\"vkontakte\"><a class=\"ui-icon-vkontakte \" href=\"#\" data-url=\"http:\/\/vkontakte.ru\/share.php?url=https%3A%2F%2Fconeb.africa%2Fweb%2F2025%2F10%2F07%2F5694%2F\" title=\"Vkontakte\"><span>Vkontakte<\/span><\/a><\/li><li class=\"whatsapp\"><a class=\"ui-icon-whatsapp \" href=\"#\" data-url=\"whatsapp:\/\/send?text=https%3A%2F%2Fconeb.africa%2Fweb%2F2025%2F10%2F07%2F5694%2F\" title=\"WhatsApp\"><span>WhatsApp<\/span><\/a><\/li><\/ul><\/div>\n\t<\/div>\n\n<!-- \/ blog box-->\n<\/div><\/article>\n<article id=\"5683\" class=\"col col-sm-4 post-5683 post type-post status-publish format-link has-post-thumbnail hentry category-nouvelle post_format-post-format-link\"><div class=\"post-content-wrapper\">\n \n\n<!-- blog box-->\n\n\t\t<figure class=\"featured_image featured_media\">\n\t\t<a href=\"\" title=\"Nuit 2025 des \u00c9lus : CONEB, acteur cl\u00e9 du secteur priv\u00e9 b\u00e9ninois conqu\u00e9rant et catalyseur de croissance \u00e9conomique\" class=\"imgeffect extlink\"><img loading=\"lazy\" decoding=\"async\" src=\"https:\/\/coneb.africa\/web\/wp-content\/uploads\/2025\/08\/WhatsApp-Image-2025-08-04-a-08.33.16_3eeaa380-500x500.jpg\" alt=\"\" class=\"\" width=\"500\" height=\"500\" \/><\/a>\t\t\n\t<\/figure> \n\t\t\n\t\t\t\t\t\n\n\t<div class=\"entry-content text\">\n\n\t\t<!-- blog headline-->\n\t\t<h1 class=\"entry-title\"><a href=\"https:\/\/coneb.africa\/web\/2025\/08\/04\/nuit-2025-des-elus-coneb-acteur-cle-du-secteur-prive-beninois-conquerant-et-catalyseur-de-croissance-economique\/\" rel=\"bookmark\">Nuit 2025 des \u00c9lus : CONEB, acteur cl\u00e9 du secteur priv\u00e9 b\u00e9ninois conqu\u00e9rant et catalyseur de croissance \u00e9conomique<\/a><\/h1> \n\n\t\t\r\n\t\t<!-- meta data -->\r\n\t\t<div class=\"post_data\">\r\n\r\n\t\t\t\r\n\t\t\t\t\t\t\t\r\n\t\t\t\t\t\t<!-- categories -->\r\n\t\t\t<span class=\"categories\">\r\n\t\t\tin <a href=\"https:\/\/coneb.africa\/web\/category\/nouvelle\/\" rel=\"category tag\">Nouvelle<\/a>\t\t\t\t\r\n\t\t\t<\/span>\r\n\t\t\t\r\n\t\t\t\r\n\t\t\t\t\t\t<!-- comments --> \r\n\t\t\t<span class=\"comment_link\"><a href=\"https:\/\/coneb.africa\/web\/2025\/08\/04\/nuit-2025-des-elus-coneb-acteur-cle-du-secteur-prive-beninois-conquerant-et-catalyseur-de-croissance-economique\/#respond\" title=\"0 Comment\" class=\"comment_link\">0 Comment<\/a><\/span>\r\n\t\t\t\t\t\t\r\n\t\t<\/div><!-- \/ end div  .post_data -->\r\n\t\n\t\t<p>\u00c0 l\u2019occasion des festivit\u00e9s marquant le 65e anniversaire de l\u2019ind\u00e9pendance du B\u00e9nin, la Chambre de Commerce et d\u2019Industrie du B\u00e9nin (CCI B\u00e9nin) a tenu, comme \u00e0 l\u2019accoutum\u00e9e, la&nbsp;Nuit des \u00c9lus, une rencontre institutionnelle de haute port\u00e9e symbolique et strat\u00e9gique. Cette troisi\u00e8me \u00e9dition s\u2019est d\u00e9roul\u00e9e le jeudi 31 juillet 2025 dans l\u2019enceinte prestigieuse de l\u2019h\u00f4tel Azala\u00ef [&hellip;]<\/p>\n\t<\/div> \n\n\t<div class=\"entry-footer\">\n\n\t\t<a href=\"https:\/\/coneb.africa\/web\/2025\/08\/04\/nuit-2025-des-elus-coneb-acteur-cle-du-secteur-prive-beninois-conquerant-et-catalyseur-de-croissance-economique\/\" class=\"read_more\">Continue reading<\/a><div class=\"social_share\"><span class=\"ui-icon-line-share\"><span>SHARE<\/span><\/span><ul><li class=\"mail\"><a class=\"ui-icon-mail \" href=\"mailto:?body=https%3A%2F%2Fconeb.africa%2Fweb%2F2025%2F08%2F04%2Fnuit-2025-des-elus-coneb-acteur-cle-du-secteur-prive-beninois-conquerant-et-catalyseur-de-croissance-economique%2F\" title=\"Email\"><span>Email<\/span><\/a><\/li><li class=\"twitter\"><a class=\"ui-icon-twitter \" href=\"#\" data-url=\"http:\/\/twitter.com\/intent\/tweet?text=Nuit+2025+des+%C3%89lus+%3A+CONEB%2C+acteur+cl%C3%A9+du+secteur+priv%C3%A9+b%C3%A9ninois+conqu%C3%A9rant+et+catalyseur+de+croissance+%C3%A9conomique+https%3A%2F%2Fconeb.africa%2Fweb%2F2025%2F08%2F04%2Fnuit-2025-des-elus-coneb-acteur-cle-du-secteur-prive-beninois-conquerant-et-catalyseur-de-croissance-economique%2F\" title=\"Twitter\"><span>Twitter<\/span><\/a><\/li><li class=\"facebook\"><a class=\"ui-icon-facebook \" href=\"#\" data-url=\"http:\/\/www.facebook.com\/sharer\/sharer.php?u=https%3A%2F%2Fconeb.africa%2Fweb%2F2025%2F08%2F04%2Fnuit-2025-des-elus-coneb-acteur-cle-du-secteur-prive-beninois-conquerant-et-catalyseur-de-croissance-economique%2F&amp;title=Nuit+2025+des+%C3%89lus+%3A+CONEB%2C+acteur+cl%C3%A9+du+secteur+priv%C3%A9+b%C3%A9ninois+conqu%C3%A9rant+et+catalyseur+de+croissance+%C3%A9conomique\" title=\"Facebook\"><span>Facebook<\/span><\/a><\/li><li class=\"gplus\"><a class=\"ui-icon-gplus \" href=\"#\" data-url=\"https:\/\/plus.google.com\/share?url=https%3A%2F%2Fconeb.africa%2Fweb%2F2025%2F08%2F04%2Fnuit-2025-des-elus-coneb-acteur-cle-du-secteur-prive-beninois-conquerant-et-catalyseur-de-croissance-economique%2F\" title=\"Google +\"><span>Google +<\/span><\/a><\/li><li class=\"pinterest\"><a class=\"ui-icon-pinterest \" href=\"#\" data-url=\"http:\/\/pinterest.com\/pin\/create\/bookmarklet\/?media=https%3A%2F%2Fconeb.africa%2Fweb%2Fwp-content%2Fuploads%2F2025%2F08%2FWhatsApp-Image-2025-08-04-a-08.33.16_3eeaa380.jpg&amp;url=https%3A%2F%2Fconeb.africa%2Fweb%2F2025%2F08%2F04%2Fnuit-2025-des-elus-coneb-acteur-cle-du-secteur-prive-beninois-conquerant-et-catalyseur-de-croissance-economique%2F&amp;is_video=false&amp;description=Nuit+2025+des+%C3%89lus+%3A+CONEB%2C+acteur+cl%C3%A9+du+secteur+priv%C3%A9+b%C3%A9ninois+conqu%C3%A9rant+et+catalyseur+de+croissance+%C3%A9conomique\" title=\"Pinterest\"><span>Pinterest<\/span><\/a><\/li><li class=\"tumblr\"><a class=\"ui-icon-tumblr \" href=\"#\" data-url=\"http:\/\/tumblr.com\/share?url=https%3A%2F%2Fconeb.africa%2Fweb%2F2025%2F08%2F04%2Fnuit-2025-des-elus-coneb-acteur-cle-du-secteur-prive-beninois-conquerant-et-catalyseur-de-croissance-economique%2F&amp;title=Nuit+2025+des+%C3%89lus+%3A+CONEB%2C+acteur+cl%C3%A9+du+secteur+priv%C3%A9+b%C3%A9ninois+conqu%C3%A9rant+et+catalyseur+de+croissance+%C3%A9conomique\" title=\"Tumblr\"><span>Tumblr<\/span><\/a><\/li><li class=\"linkedin\"><a class=\"ui-icon-linkedin \" href=\"#\" data-url=\"http:\/\/www.linkedin.com\/shareArticle?mini=true&amp;url=https%3A%2F%2Fconeb.africa%2Fweb%2F2025%2F08%2F04%2Fnuit-2025-des-elus-coneb-acteur-cle-du-secteur-prive-beninois-conquerant-et-catalyseur-de-croissance-economique%2F&amp;title=Nuit+2025+des+%C3%89lus+%3A+CONEB%2C+acteur+cl%C3%A9+du+secteur+priv%C3%A9+b%C3%A9ninois+conqu%C3%A9rant+et+catalyseur+de+croissance+%C3%A9conomique&amp;source=\" title=\"Linkedin\"><span>Linkedin<\/span><\/a><\/li><li class=\"vkontakte\"><a class=\"ui-icon-vkontakte \" href=\"#\" data-url=\"http:\/\/vkontakte.ru\/share.php?url=https%3A%2F%2Fconeb.africa%2Fweb%2F2025%2F08%2F04%2Fnuit-2025-des-elus-coneb-acteur-cle-du-secteur-prive-beninois-conquerant-et-catalyseur-de-croissance-economique%2F\" title=\"Vkontakte\"><span>Vkontakte<\/span><\/a><\/li><li class=\"whatsapp\"><a class=\"ui-icon-whatsapp \" href=\"#\" data-url=\"whatsapp:\/\/send?text=https%3A%2F%2Fconeb.africa%2Fweb%2F2025%2F08%2F04%2Fnuit-2025-des-elus-coneb-acteur-cle-du-secteur-prive-beninois-conquerant-et-catalyseur-de-croissance-economique%2F\" title=\"WhatsApp\"><span>WhatsApp<\/span><\/a><\/li><\/ul><\/div>\n\t<\/div>\n\n<!-- \/ blog box--><\/div><\/article>\n<\/div>\n<div class=\"row clearfix\">\n<article id=\"5681\" class=\"col col-sm-4 post-5681 post type-post status-publish format-gallery hentry category-events post_format-post-format-gallery\"><div class=\"post-content-wrapper\">\n \n\n\n\n<!-- blog box-->\n\n\t\n\t \n\n\t\t\t\t\t\n\n\t<div class=\"entry-content text\">\n\n\t\t<!-- blog headline-->\n\t\t<h1 class=\"entry-title\"><a href=\"https:\/\/coneb.africa\/web\/2025\/07\/29\/5681\/\" rel=\"bookmark\"><\/a><\/h1> \n\n\t\t\r\n\t\t<!-- meta data -->\r\n\t\t<div class=\"post_data\">\r\n\r\n\t\t\t\r\n\t\t\t\t\t\t\t\r\n\t\t\t\t\t\t<!-- categories -->\r\n\t\t\t<span class=\"categories\">\r\n\t\t\tin <a href=\"https:\/\/coneb.africa\/web\/category\/events\/\" rel=\"category tag\">Events<\/a>\t\t\t\t\r\n\t\t\t<\/span>\r\n\t\t\t\r\n\t\t\t\r\n\t\t\t\t\t\t<!-- comments --> \r\n\t\t\t<span class=\"comment_link\"><a href=\"https:\/\/coneb.africa\/web\/2025\/07\/29\/5681\/#respond\" title=\"0 Comment\" class=\"comment_link\">0 Comment<\/a><\/span>\r\n\t\t\t\t\t\t\r\n\t\t<\/div><!-- \/ end div  .post_data -->\r\n\t\n\t\t\t<\/div> \n\n\t<div class=\"entry-footer\">\n\n\t\t<a href=\"https:\/\/coneb.africa\/web\/2025\/07\/29\/5681\/\" class=\"read_more\">Continue reading<\/a><div class=\"social_share\"><span class=\"ui-icon-line-share\"><span>SHARE<\/span><\/span><ul><li class=\"mail\"><a class=\"ui-icon-mail \" href=\"mailto:?body=https%3A%2F%2Fconeb.africa%2Fweb%2F2025%2F07%2F29%2F5681%2F\" title=\"Email\"><span>Email<\/span><\/a><\/li><li class=\"twitter\"><a class=\"ui-icon-twitter \" href=\"#\" data-url=\"http:\/\/twitter.com\/intent\/tweet?text=+https%3A%2F%2Fconeb.africa%2Fweb%2F2025%2F07%2F29%2F5681%2F\" title=\"Twitter\"><span>Twitter<\/span><\/a><\/li><li class=\"facebook\"><a class=\"ui-icon-facebook \" href=\"#\" data-url=\"http:\/\/www.facebook.com\/sharer\/sharer.php?u=https%3A%2F%2Fconeb.africa%2Fweb%2F2025%2F07%2F29%2F5681%2F&amp;title=\" title=\"Facebook\"><span>Facebook<\/span><\/a><\/li><li class=\"gplus\"><a class=\"ui-icon-gplus \" href=\"#\" data-url=\"https:\/\/plus.google.com\/share?url=https%3A%2F%2Fconeb.africa%2Fweb%2F2025%2F07%2F29%2F5681%2F\" title=\"Google +\"><span>Google +<\/span><\/a><\/li><li class=\"pinterest\"><a class=\"ui-icon-pinterest \" href=\"#\" data-url=\"http:\/\/pinterest.com\/pin\/create\/bookmarklet\/?media=&amp;url=https%3A%2F%2Fconeb.africa%2Fweb%2F2025%2F07%2F29%2F5681%2F&amp;is_video=false&amp;description=\" title=\"Pinterest\"><span>Pinterest<\/span><\/a><\/li><li class=\"tumblr\"><a class=\"ui-icon-tumblr \" href=\"#\" data-url=\"http:\/\/tumblr.com\/share?url=https%3A%2F%2Fconeb.africa%2Fweb%2F2025%2F07%2F29%2F5681%2F&amp;title=\" title=\"Tumblr\"><span>Tumblr<\/span><\/a><\/li><li class=\"linkedin\"><a class=\"ui-icon-linkedin \" href=\"#\" data-url=\"http:\/\/www.linkedin.com\/shareArticle?mini=true&amp;url=https%3A%2F%2Fconeb.africa%2Fweb%2F2025%2F07%2F29%2F5681%2F&amp;title=&amp;source=\" title=\"Linkedin\"><span>Linkedin<\/span><\/a><\/li><li class=\"vkontakte\"><a class=\"ui-icon-vkontakte \" href=\"#\" data-url=\"http:\/\/vkontakte.ru\/share.php?url=https%3A%2F%2Fconeb.africa%2Fweb%2F2025%2F07%2F29%2F5681%2F\" title=\"Vkontakte\"><span>Vkontakte<\/span><\/a><\/li><li class=\"whatsapp\"><a class=\"ui-icon-whatsapp \" href=\"#\" data-url=\"whatsapp:\/\/send?text=https%3A%2F%2Fconeb.africa%2Fweb%2F2025%2F07%2F29%2F5681%2F\" title=\"WhatsApp\"><span>WhatsApp<\/span><\/a><\/li><\/ul><\/div>\n\t<\/div>\n\n<!-- \/ blog box--><\/div><\/article>\n<\/div>\n<\/div>\n<div class=\"paging_wrapper margin-t30 margin-b30\"><ul class='page-numbers'>\n\t<li><span aria-current=\"page\" class=\"page-numbers current\">1<\/span><\/li>\n\t<li><a class=\"page-numbers\" href=\"https:\/\/coneb.africa\/web\/wp-json\/wp\/v2\/pages\/5141\/page\/2\/\">2<\/a><\/li>\n\t<li><a class=\"page-numbers\" href=\"https:\/\/coneb.africa\/web\/wp-json\/wp\/v2\/pages\/5141\/page\/3\/\">3<\/a><\/li>\n\t<li><span class=\"page-numbers dots\">\u2026<\/span><\/li>\n\t<li><a class=\"page-numbers\" href=\"https:\/\/coneb.africa\/web\/wp-json\/wp\/v2\/pages\/5141\/page\/6\/\">6<\/a><\/li>\n\t<li><a class=\"next page-numbers\" href=\"https:\/\/coneb.africa\/web\/wp-json\/wp\/v2\/pages\/5141\/page\/2\/\"><span class=\"ui-icon-angle-right\"><\/span><\/a><\/li>\n<\/ul>\n<\/div>[\/vc_column][\/vc_row]<\/p>\n","protected":false},"excerpt":{"rendered":"<p>[vc_row rt_row_background_width=\u00a0\u00bbfullwidth\u00a0\u00bb rt_row_content_width=\u00a0\u00bbdefault\u00a0\u00bb rt_row_style=\u00a0\u00bbdefault-style\u00a0\u00bb rt_row_height=\u00a0\u00bb\u00a0\u00bb rt_column_gaps=\u00a0\u00bb\u00a0\u00bb rt_row_shadows=\u00a0\u00bb\u00a0\u00bb rt_row_borders=\u00a0\u00bb\u00a0\u00bb rt_bg_effect=\u00a0\u00bbclassic\u00a0\u00bb rt_bg_image_repeat=\u00a0\u00bbrepeat\u00a0\u00bb rt_bg_size=\u00a0\u00bbcover\u00a0\u00bb rt_bg_position=\u00a0\u00bbright top\u00a0\u00bb rt_bg_attachment=\u00a0\u00bbscroll\u00a0\u00bb rt_bg_layer=\u00a0\u00bb\u00a0\u00bb rt_bg_video_format=\u00a0\u00bbself-hosted\u00a0\u00bb rt_row_paddings=\u00a0\u00bbfalse\u00a0\u00bb rt_class=\u00a0\u00bbrt-1326879&Prime; rt_paddings=\u00a0\u00bb100,100,,\u00a0\u00bb rt_margins=\u00a0\u00bb,,,\u00a0\u00bb rt_content_margins=\u00a0\u00bb,,,\u00a0\u00bb rt_tablet_paddings=\u00a0\u00bb,,,\u00a0\u00bb rt_tablet_margins=\u00a0\u00bb,,,\u00a0\u00bb rt_tablet_content_margins=\u00a0\u00bb,,,\u00a0\u00bb rt_sp_paddings=\u00a0\u00bb,,,\u00a0\u00bb rt_sp_margins=\u00a0\u00bb,,,\u00a0\u00bb rt_sp_content_margins=\u00a0\u00bb,,,\u00a0\u00bb][vc_column rt_bg_effect=\u00a0\u00bbclassic\u00a0\u00bb rt_bg_image_repeat=\u00a0\u00bbrepeat\u00a0\u00bb rt_bg_size=\u00a0\u00bbauto auto\u00a0\u00bb rt_bg_position=\u00a0\u00bbright top\u00a0\u00bb rt_bg_attachment=\u00a0\u00bbscroll\u00a0\u00bb rt_col_paddings=\u00a0\u00bbfalse\u00a0\u00bb rt_wrp_col_paddings=\u00a0\u00bbfalse\u00a0\u00bb rt_bg_color=\u00a0\u00bb\u00a0\u00bb rt_bg_overlay_color=\u00a0\u00bb\u00a0\u00bb rt_class=\u00a0\u00bbrt-2581265&Prime; rt_margins=\u00a0\u00bb,\u00a0\u00bb rt_paddings=\u00a0\u00bb,,0,0&Prime; rt_wrapper_paddings=\u00a0\u00bb,,,\u00a0\u00bb rt_tablet_margins=\u00a0\u00bb,\u00a0\u00bb rt_tablet_paddings=\u00a0\u00bb,,,\u00a0\u00bb rt_tablet_wrapper_paddings=\u00a0\u00bb,,,\u00a0\u00bb rt_sp_margins=\u00a0\u00bb,\u00a0\u00bb rt_sp_paddings=\u00a0\u00bb,,,\u00a0\u00bb rt_sp_wrapper_paddings=\u00a0\u00bb,,,\u00a0\u00bb][\/vc_column][\/vc_row]<\/p>\n","protected":false},"author":1,"featured_media":0,"parent":0,"menu_order":0,"comment_status":"closed","ping_status":"closed","template":"","meta":{"ngg_post_thumbnail":0,"footnotes":""},"class_list":["post-5141","page","type-page","status-publish","hentry"],"_links":{"self":[{"href":"https:\/\/coneb.africa\/web\/wp-json\/wp\/v2\/pages\/5141","targetHints":{"allow":["GET"]}}],"collection":[{"href":"https:\/\/coneb.africa\/web\/wp-json\/wp\/v2\/pages"}],"about":[{"href":"https:\/\/coneb.africa\/web\/wp-json\/wp\/v2\/types\/page"}],"author":[{"embeddable":true,"href":"https:\/\/coneb.africa\/web\/wp-json\/wp\/v2\/users\/1"}],"replies":[{"embeddable":true,"href":"https:\/\/coneb.africa\/web\/wp-json\/wp\/v2\/comments?post=5141"}],"version-history":[{"count":5,"href":"https:\/\/coneb.africa\/web\/wp-json\/wp\/v2\/pages\/5141\/revisions"}],"predecessor-version":[{"id":5148,"href":"https:\/\/coneb.africa\/web\/wp-json\/wp\/v2\/pages\/5141\/revisions\/5148"}],"wp:attachment":[{"href":"https:\/\/coneb.africa\/web\/wp-json\/wp\/v2\/media?parent=5141"}],"curies":[{"name":"wp","href":"https:\/\/api.w.org\/{rel}","templated":true}]}}